{"version":"1.0","provider_name":"V\u00e9lem\u00e9ny. Szubjekt\u00edv.","provider_url":"https:\/\/pinkpitbull.cafeblog.hu","author_name":"LadyEdna","author_url":"https:\/\/pinkpitbull.cafeblog.hu\/author\/LadyEdna-2-2-2\/","title":"K\u00e9k","html":"<div class=\"blh_post_image\">\r\n<p class=\"blh_post_img\"><a href=\"https:\/\/pinkpitbull.cafeblog.hu\/files\/2011\/10\/Dior-Bue-Denim_1318533460.jpg\"><img class=\"aligncenter\" src=\"https:\/\/pinkpitbull.cafeblog.hu\/files\/2011\/10\/Dior-Bue-Denim_1318533460.jpg\" alt=\"\" width=\"576\" height=\"432\" \/><\/a><\/p>\r\n<p style=\"text-align: justify\">Teljess\u00e9ggel meg voltam, vagyok zavarodva ez\u00e9rt a sz\u00edn\u00e9rt, csak mivel nincs felesleges 8 rug\u00f3m egy k\u00f6r\u00f6mlakkra, sok\u00e1ig n\u00e9lk\u00fcl\u00f6zn\u00f6m kellett.<\/p>\r\n<p style=\"text-align: justify\">Na de nem is \u00e9n lenn\u00e9k, ha nem tal\u00e1ltam volna meg az olcs\u00edtott verzi\u00f3t az Essence k\u00edn\u00e1lat\u00e1ban. Term\u00e9szetesen az \u00e1rnyalat nem pont ugyanez, de az az egy-k\u00e9t \u00e1rnyalatnyi k\u00fcl\u00f6nbs\u00e9g szerintem nem oszt nem szoroz.<\/p>\r\n<p style=\"text-align: justify\">(Am\u00fagy z\u00e1r\u00f3jelben jelzem, hogy az Essence k\u00f6r\u00f6mlakkok el\u00e9g j\u00f3 min\u0151s\u00e9g\u0171ek, sz\u00e9p sz\u00edn\u00fck van, egy r\u00e9tegben t\u00f6k\u00e9letesen fednek, \u00e9s nekem \u00fagy tartanak 4-5 napig, hogy k\u00f6zben mosogatok is.)<\/p>\r\n\r\n<\/div>","type":"rich"}